{"id":5,"date":"2021-07-01T08:24:34","date_gmt":"2021-07-01T08:24:34","guid":{"rendered":"https:\/\/www.urbinavolant.com\/talleres\/?page_id=5"},"modified":"2024-01-30T17:39:27","modified_gmt":"2024-01-30T17:39:27","slug":"crea-tu-web-con-bloques","status":"publish","type":"page","link":"https:\/\/www.urbinavolant.com\/talleres\/","title":{"rendered":"Talleres ELE Ra\u00fal Urbina"},"content":{"rendered":"\n<h2 class=\"wp-block-heading alignwide has-text-align-wide has-extra-large-font-size\" id=\"en-esta-pagina-los-asistentes-a-las-ponencias-y-talleres-que-imparto-podran-acceder-a-las-presentaciones-enlaces-a-los-videos-y-otros-materiales\" style=\"line-height:1.1\">En esta p\u00e1gina los asistentes a las ponencias y talleres que imparto podr\u00e1n acceder a las presentaciones, enlaces a los v\u00eddeos y otros materiales.<\/h2>\n\n\n<div class=\"wp-block-image\">\n<figure class=\"aligncenter size-large is-resized\"><img loading=\"lazy\" decoding=\"async\" width=\"512\" height=\"512\" src=\"https:\/\/www.urbinavolant.com\/talleres\/wp-content\/uploads\/2021\/07\/formacion.png\" alt=\"\" class=\"wp-image-50\" style=\"width:300px;height:300px\" srcset=\"https:\/\/www.urbinavolant.com\/talleres\/wp-content\/uploads\/2021\/07\/formacion.png 512w, https:\/\/www.urbinavolant.com\/talleres\/wp-content\/uploads\/2021\/07\/formacion-300x300.png 300w, https:\/\/www.urbinavolant.com\/talleres\/wp-content\/uploads\/2021\/07\/formacion-150x150.png 150w\" sizes=\"auto, (max-width: 512px) 100vw, 512px\" \/><\/figure>\n<\/div>\n\n\n<p class=\"has-text-align-center\" style=\"font-size:38px\"><strong>RECIENTEMENTE, HE PARTICIPADO EN ESTOS TALLERES Y PONENCIAS<\/strong><\/p>\n\n\n\n<ul class=\"wp-block-list\">\n<li>Estrategias de lectura y comprensi\u00f3n textual en el aula de ELE el 3 de febrero de 2024. Jornadas Did\u00e1cticas para profesores de espa\u00f1ol online organizadas por la Consejer\u00eda de Educaci\u00f3n de Espa\u00f1a en Italia, Grecia y Albania y la Junta de Castilla y Le\u00f3n.<\/li>\n<\/ul>\n\n\n\n<h2 class=\"wp-block-heading\">2024<\/h2>\n\n\n\n<ul class=\"wp-block-list\">\n<li>Estrategias de lectura y comprensi\u00f3n textual en espa\u00f1ol, Burdeos, 27 de enero de 2024. Jornadas Did\u00e1cticas de Espa\u00f1ol en Burdeos organizadas por la Consejer\u00eda de Educaci\u00f3n de Espa\u00f1a en Francia y la Junta de Castilla y Le\u00f3n.<\/li>\n<\/ul>\n\n\n\n<h2 class=\"wp-block-heading\">2023<\/h2>\n\n\n\n<ul class=\"wp-block-list\">\n<li>\u00abC\u00f3mo trabajar con fragmentos teatrales en clase con el empleo de metodolog\u00edas activas de aprendizaje\u00bb, en las Jornadas Did\u00e1cticas de Espa\u00f1ol en L\u00ednea organizadas por la Consejer\u00eda de Educaci\u00f3n de Espa\u00f1a en Francia y la Junta de Castilla y Le\u00f3n el 2 de diciembre de 2023 (en l\u00ednea).<\/li>\n\n\n\n<li>\u00ab\u00bfA qu\u00e9 huele un argumento? La argumentaci\u00f3n multimodal en el discurso publicitario\u00bb, el el&nbsp;<em>II Congreso Iberoamericano de Argumentaci\u00f3n<\/em>, Madrid (Universidad Aut\u00f3noma de Madrid y Universidad Complutense de Madrid), el 20 de septiembre de 2023.<\/li>\n\n\n\n<li>Participaci\u00f3n en la tertulia de clausura: A ver y haber \u00abInteligencia artificial: terror, impaciencia o entusiasmo\u00bb, en el VII Congreso del Espa\u00f1ol en Castilla y Le\u00f3n, Salmanca, 2023, el 28 de junio de 2023. Participan:D\u00f1a. Mar Sancho Sanz (Junta de Castilla y Le\u00f3n), D. Ra\u00fal Urbina Fonturbel (Universidad de Burgos), D\u00f1a. Rachel Mamiya Hern\u00e1ndez (University of Hawai\u2018i at M\u0101noa), D\u00f1a. Maritza Sloan (Ladue Horton Watkins High School, St. Louis). Modera: Jos\u00e9 Miguel S\u00e1nchez Llorente (Cursos Internacionales USAL)<\/li>\n\n\n\n<li>Participaci\u00f3n en la mesa redonda:\u201cEl papel de los textos literarios en la clase de ELE: \u00bfla lengua en la literatura o la literatura en la lengua?\u201d, en el VII Congreso del Espa\u00f1ol en Castilla y Le\u00f3n, Salmanca, 2023, el 28 de junio de 2023. Participan:D. Ra\u00fal Urbina Fonturbel (Universidad de Burgos), D\u00f1a. Celia Corral Ca\u00f1as (escritora) y D\u00f1a. Mar\u00eda Dolores Iriarte Va\u00f1\u00f3 (Cursos Internacionales USAL). Modera: D. Alberto Buitrago Jim\u00e9nez (Cursos Internacionales USAL)<\/li>\n\n\n\n<li>Desarrollando destrezas ling\u00fc\u00edsticas y habilidades comunicativas en el aula de ELE con la colaboraci\u00f3n de la inteligencia artificial. Universidad de Edimburgo, 17 de junio de 2023.<\/li>\n\n\n\n<li>\u00abPublicidad y Literatura. Una propuesta de trabajo conjunto en el aula de ELE\u00bb (online), Noruega e Islandia, 10 de junio de 2023.<\/li>\n\n\n\n<li>\u00abEl desarrollo de las destrezas ling\u00fc\u00edsticas y las habilidades comunicativas en el aula de ELE con la colaboraci\u00f3n de la inteligencia artificial\u00bb. Universidad del B\u00f3sforo (Estambul), 27 de mayo de 2023.<\/li>\n\n\n\n<li>Estrategias de lectura y comprensi\u00f3n textual en el aula de ELE (online), Finlandia, 27 de mayo de 2023.<\/li>\n\n\n\n<li>\u00abLa creatividad en el aula de ELE y las relaciones entre publicidad y literatura\u00bb. Belfast, 20 de mayo de 2023.<\/li>\n\n\n\n<li>\u00abDesarrollando destrezas ling\u00fc\u00edsticas y habilidades comunicativas en el aula ELE con la colaboraci\u00f3n de la inteligencia artificial\u00bb. Lund (Suecia), 6 de mayo de 2023.<\/li>\n\n\n\n<li>\u00abDesarrollando destrezas ling\u00fc\u00edsticas y habilidades comunicativas en el aula ELE con la colaboraci\u00f3n de la inteligencia artificial\u00bb. Copenhague, 5 de mayo de 2023.<\/li>\n\n\n\n<li>La combinaci\u00f3n del discurso publicitario y la literatura para trabajar la creatividad en la clase de ELE\u00bb, en el XIII Encuentro de Profesorado ELE en Polonia organizado por la Consejer\u00eda de Educaci\u00f3n de Polonia el 23 de abril de 2023.<\/li>\n\n\n\n<li>Trabajar la creatividad en ELE por medio del teatro con la colaboraci\u00f3n de la inteligencia Acad\u00e9mies de Guyane, Martinique, Guadeloupe, Strasbourg, Nancy-Metz, Reims, Dijon, Nice, Amiens, Rennes, Aix-Marseille, Grenoble y Lille, organizadas por la Consejer\u00eda de Educaci\u00f3n de Francia y la Junta de Castilla y Le\u00f3n el 29 de marzo de 2023.<\/li>\n\n\n\n<li>\u00abPragm\u00e1tica en el aula de ELE: hasta el infinito de la gram\u00e1tica y m\u00e1s all\u00e1\u00bb, en la Jornada en l\u00ednea para profesores de ELE con t\u00edtulo \u00abEl otro lado de la gram\u00e1tica\u00bb, organizada por la editorial enClave y la Universidad de Burgos, el 18 de marzo de 2023.<\/li>\n\n\n\n<li>\u00abExperiencia&nbsp;desde la implantaci\u00f3n&nbsp;de&nbsp;la modalidad online en el Grado de Espa\u00f1ol: Lengua y Literatura.&nbsp;Del inicio a la condici\u00f3n&nbsp;de&nbsp;experto\u00bb.&nbsp;Bego\u00f1a Ortega Villaro y&nbsp;Ra\u00fal Urbina Fonturbel. En la Jornada sobre Ense\u00f1anza Online organizada por el IFIE de la Universidad de Burgos el 16 de marzo del 2023.<\/li>\n\n\n\n<li>\u00abCreatividad en la clase de ELE. Dinamizar el aula combinando la publicidad y la literatura\u00bb, en el Spanish Day for teachers Primary, Secondary &amp; other levels organizado por la Consejer\u00eda de Educaci\u00f3n de Reino Unido e Irlanda en colaboraci\u00f3n con la Junta de Castilla y Le\u00f3n en la Universidad de Newcastle el 4 de marzo de 2023.<\/li>\n\n\n\n<li>\u00abPublicidad para fines espec\u00edficos: la construcci\u00f3n de la marca &#8216;Espa\u00f1a'\u00bb, en la VIII Jornada de EFE de Lieja organizada por la Consejer\u00eda de Educaci\u00f3n de B\u00e9lgica, Pa\u00edses Bajos y Luxemburgo en colaboraci\u00f3n con la Junta de Castilla y Le\u00f3n el 10 de 2023.<\/li>\n\n\n\n<li>\u00abPublicidad y Literatura. Una propuesta de trabajo conjunto en el aula de ELE\u00bb, en las jornadas organizadas en Roma por la Consejer\u00eda de Educaci\u00f3n de la Embajada de Espa\u00f1a en Italia y la Junta de Castilla y Le\u00f3n el 4 de febrero de 2023.<\/li>\n\n\n\n<li>\u00abLiteratura y publicidad. Trabajando la creatividad en el aula de ELE\u00bb (junto con Antonio Portela), en el taller organizado por la Consejer\u00eda de Educaci\u00f3n de la Embajada de Espa\u00f1a en Estados Unidos y Canad\u00e1 el 28 de enero de 2023.<\/li>\n\n\n\n<li>\u00abPublicidad y literatura. Una propuesta de trabajo conjunto en el aula de ELE\u00bb, que se celebrar\u00e1 en el Instituto Cervantes de Par\u00eds, organizado por la Consejer\u00eda de Educaci\u00f3n de la Embajada de Espa\u00f1a en Francia y la Junta de Castilla y Le\u00f3n el 21 de enero de 2023.<\/li>\n\n\n\n<li>\u00abPublicidad y literatura. Una propuesta de trabajo conjunto en el aula de ELE\u00bb, en el taller organizado en Roma por la Consejer\u00eda de Educaci\u00f3n de la Embajada de Espa\u00f1a en Italia y la Junta de Castilla y Le\u00f3n el 4 de febrero de 2023.<\/li>\n\n\n\n<li>\u00abPublicidad para fines espec\u00edficos: la construcci\u00f3n de la marca Espa\u00f1a\u00bb, que se celebrar\u00e1 en Lieja, organizado por la Consejer\u00eda de Educaci\u00f3n de la Embajada de Espa\u00f1a en B\u00e9lgica y la Junta de Castilla y Le\u00f3n el 10 de febrero de 2023.<\/li>\n<\/ul>\n\n\n\n<p><strong>El resto de contribuciones puedes consultarlas <a href=\"https:\/\/urbinavolant.com\/raulurbina\/index.php\/congresos-charlas-y-conferencias\/\">en este enlace<\/a>.<\/strong><\/p>\n\n\n\n<p><\/p>\n\n\n\n<div class=\"wp-block-columns alignwide are-vertically-aligned-top is-layout-flex wp-container-core-columns-is-layout-9d6595d7 wp-block-columns-is-layout-flex\">\n<div class=\"wp-block-column is-vertically-aligned-top is-layout-flow wp-block-column-is-layout-flow\">\n<h3 class=\"wp-block-heading\" id=\"ii-jornadas-tecnologicas-en-linea-para-profesores-de-espanol-en-benelux\">II Jornadas Tecnol\u00f3gicas en L\u00ednea para Profesores de Espa\u00f1ol en BENELUX<\/h3>\n\n\n\n<p>Acceso a la presentaci\u00f3n y a los enlaces del taller \u00abLos elementos multimodales de la publicidad y el trabajo con los spots en el aula de ELE\u00bb.<\/p>\n\n\n\n<p>Pincha <a rel=\"noreferrer noopener\" href=\"https:\/\/www.urbinavolant.com\/talleres\/2021\/10\/07\/ii-jornadas-tecnologicas-en-linea-para-profesores-de-espanol-en-benelux\/\" target=\"_blank\">aqu\u00ed<\/a> (necesitas contrase\u00f1a para entrar).<\/p>\n<\/div>\n\n\n\n<div class=\"wp-block-column is-vertically-aligned-top is-layout-flow wp-block-column-is-layout-flow\">\n<h3 class=\"wp-block-heading\" id=\"jornadas-didacticas-de-espanol-en-linea-ee-uu-y-canada\">Jornadas did\u00e1cticas de espa\u00f1ol en l\u00ednea. EE. UU. y Canad\u00e1 <\/h3>\n\n\n\n<p>Acceso a la presentaci\u00f3n y a los enlaces del taller \u00abEstereotipos dentro, estereotipos fuera. Taller de publicidad para desterrar los t\u00f3picos\u00bb.<\/p>\n\n\n\n<p>Pincha <a rel=\"noreferrer noopener\" href=\"https:\/\/www.urbinavolant.com\/talleres\/2021\/07\/01\/jornadas-didacticas-de-espanol-en-linea-ee-uu-y-canada\/\" target=\"_blank\">aqu\u00ed<\/a> (necesitas contrase\u00f1a para entrar).<\/p>\n<\/div>\n\n\n\n<div class=\"wp-block-column is-vertically-aligned-top is-layout-flow wp-block-column-is-layout-flow\">\n<h3 class=\"wp-block-heading\" id=\"ii-curso-de-verano-ele-en-linea-francia\">II Curso de Verano ELE en l\u00ednea &#8211; Francia<\/h3>\n\n\n\n<hr class=\"wp-block-separator has-css-opacity\"\/>\n\n\n\n<p>Acceso a la presentaci\u00f3n y a los enlaces de las ponencias \u00abEl enfoque sociocultural en ELE a trav\u00e9s de la publicidad I y II\u00bb.<\/p>\n\n\n\n<ul class=\"wp-block-list\">\n<li><a rel=\"noreferrer noopener\" href=\"https:\/\/www.urbinavolant.com\/talleres\/2021\/07\/05\/francia-ii-curso-de-verano-ele-en-linea-julio-2021\/\" target=\"_blank\">Primera sesi\u00f3n<\/a>.<\/li>\n\n\n\n<li><a href=\"https:\/\/www.urbinavolant.com\/talleres\/2021\/07\/05\/francia-ii-curso-de-verano-ele-en-linea-julio-2021\/\" target=\"_blank\" rel=\"noreferrer noopener\">Segunda sesi\u00f3n<\/a>. <\/li>\n<\/ul>\n\n\n\n<p>(Necesitas contrase\u00f1a para entrar)<\/p>\n\n\n\n<p><\/p>\n<\/div>\n\n\n\n<div class=\"wp-block-column is-vertically-aligned-top is-layout-flow wp-block-column-is-layout-flow\">\n<h3 class=\"wp-block-heading\" id=\"talleres-de-espanol-para-profesorado-de-reino-unido\">Talleres de espa\u00f1ol para profesorado de Reino Unido<\/h3>\n\n\n\n<p>Acceso a la presentaci\u00f3n y a los enlaces de los talleres.<\/p>\n\n\n\n<ul class=\"wp-block-list\">\n<li><a href=\"https:\/\/www.urbinavolant.com\/talleres\/2021\/09\/27\/londres-talleres-de-espanol-para-profesores-del-reino-unido-octubre-2021-ponencia-1\/\" target=\"_blank\" rel=\"noreferrer noopener\">La publicidad como elemento dinamizador en ELE<\/a>.<\/li>\n\n\n\n<li><a href=\"https:\/\/www.urbinavolant.com\/talleres\/2021\/09\/27\/londres-talleres-de-espanol-para-profesores-del-reino-unido-octubre-2021-ponencia-2\/\" target=\"_blank\" rel=\"noreferrer noopener\">C\u00f3mo trabajar estereotipos socioculturales a trav\u00e9s de la publicidad<\/a><\/li>\n<\/ul>\n\n\n\n<p>(Necesitas contrase\u00f1a para entrar).<\/p>\n<\/div>\n<\/div>\n\n\n\n<div class=\"wp-block-columns alignwide are-vertically-aligned-top is-layout-flex wp-container-core-columns-is-layout-9d6595d7 wp-block-columns-is-layout-flex\">\n<div class=\"wp-block-column is-vertically-aligned-top is-layout-flow wp-block-column-is-layout-flow\">\n<h3 class=\"wp-block-heading\" id=\"jornadas-didacticas-para-profesores-de-espanol-en-milan\">Jornadas did\u00e1cticas para profesores de espa\u00f1ol en Mil\u00e1n<\/h3>\n\n\n\n<p>Acceso a la presentaci\u00f3n y a los enlaces del taller \u00abTrabajando con los estereotipos culturales a trav\u00e9s de la publicidad\u00bb.<\/p>\n\n\n\n<p>Pincha <a rel=\"noreferrer noopener\" href=\"https:\/\/www.urbinavolant.com\/talleres\/2021\/09\/13\/jornadas-didacticas-para-profesores-de-espanol-en-milan\/\" target=\"_blank\">aqu\u00ed<\/a> (necesitas contrase\u00f1a para entrar).<\/p>\n<\/div>\n\n\n\n<div class=\"wp-block-column is-vertically-aligned-top is-layout-flow wp-block-column-is-layout-flow\">\n<h3 class=\"wp-block-heading\" id=\"jornadas-didacticas-de-espanol-en-linea-ee-uu-y-canada\">Jornadas did\u00e1cticas de espa\u00f1ol en l\u00ednea. EE. UU. y Canad\u00e1 <\/h3>\n\n\n\n<p>Acceso a la presentaci\u00f3n y a los enlaces del taller \u00abEstereotipos dentro, estereotipos fuera. Taller de publicidad para desterrar los t\u00f3picos\u00bb.<\/p>\n\n\n\n<p>Pincha <a rel=\"noreferrer noopener\" href=\"https:\/\/www.urbinavolant.com\/talleres\/2021\/07\/01\/jornadas-didacticas-de-espanol-en-linea-ee-uu-y-canada\/\" target=\"_blank\">aqu\u00ed<\/a> (necesitas contrase\u00f1a para entrar).<\/p>\n<\/div>\n\n\n\n<div class=\"wp-block-column is-vertically-aligned-top is-layout-flow wp-block-column-is-layout-flow\">\n<h3 class=\"wp-block-heading\" id=\"ii-curso-de-verano-ele-en-linea-francia\">II Curso de Verano ELE en l\u00ednea &#8211; Francia<\/h3>\n\n\n\n<hr class=\"wp-block-separator has-css-opacity\"\/>\n\n\n\n<p>Acceso a la presentaci\u00f3n y a los enlaces de las ponencias \u00abEl enfoque sociocultural en ELE a trav\u00e9s de la publicidad I y II\u00bb.<\/p>\n\n\n\n<ul class=\"wp-block-list\">\n<li><a rel=\"noreferrer noopener\" href=\"https:\/\/www.urbinavolant.com\/talleres\/2021\/07\/05\/francia-ii-curso-de-verano-ele-en-linea-julio-2021\/\" target=\"_blank\">Primera sesi\u00f3n<\/a>.<\/li>\n\n\n\n<li><a href=\"https:\/\/www.urbinavolant.com\/talleres\/2021\/07\/05\/francia-ii-curso-de-verano-ele-en-linea-julio-2021\/\" target=\"_blank\" rel=\"noreferrer noopener\">Segunda sesi\u00f3n<\/a>. <\/li>\n<\/ul>\n\n\n\n<p>(Necesitas contrase\u00f1a para entrar)<\/p>\n\n\n\n<p><\/p>\n<\/div>\n\n\n\n<div class=\"wp-block-column is-vertically-aligned-top is-layout-flow wp-block-column-is-layout-flow\">\n<h3 class=\"wp-block-heading\" id=\"talleres-de-espanol-para-profesorado-de-reino-unido\">Talleres de espa\u00f1ol para profesorado de Reino Unido<\/h3>\n\n\n\n<p>Acceso a la presentaci\u00f3n y a los enlaces de los talleres.<\/p>\n\n\n\n<ul class=\"wp-block-list\">\n<li><a href=\"https:\/\/www.urbinavolant.com\/talleres\/2021\/09\/27\/londres-talleres-de-espanol-para-profesores-del-reino-unido-octubre-2021-ponencia-1\/\" target=\"_blank\" rel=\"noreferrer noopener\">La publicidad como elemento dinamizador en ELE<\/a>.<\/li>\n\n\n\n<li><a href=\"https:\/\/www.urbinavolant.com\/talleres\/2021\/09\/27\/londres-talleres-de-espanol-para-profesores-del-reino-unido-octubre-2021-ponencia-2\/\" target=\"_blank\" rel=\"noreferrer noopener\">C\u00f3mo trabajar estereotipos socioculturales a trav\u00e9s de la publicidad<\/a><\/li>\n<\/ul>\n\n\n\n<p>(Necesitas contrase\u00f1a para entrar).<\/p>\n<\/div>\n<\/div>\n","protected":false},"excerpt":{"rendered":"<p>En esta p\u00e1gina los asistentes a las ponencias y talleres que imparto podr\u00e1n acceder a las presentaciones, enlaces a los v\u00eddeos y otros materiales. RECIENTEMENTE, HE PARTICIPADO EN ESTOS TALLERES Y PONENCIAS 2024 2023 El resto de contribuciones puedes consultarlas en este enlace. II Jornadas Tecnol\u00f3gicas en L\u00ednea para Profesores de Espa\u00f1ol en BENELUX Acceso&hellip; <a class=\"more-link\" href=\"https:\/\/www.urbinavolant.com\/talleres\/\">Seguir leyendo <span class=\"screen-reader-text\">Talleres ELE Ra\u00fal Urbina<\/span><\/a><\/p>\n","protected":false},"author":1,"featured_media":0,"parent":0,"menu_order":0,"comment_status":"closed","ping_status":"closed","template":"","meta":{"footnotes":""},"class_list":["post-5","page","type-page","status-publish","hentry","entry"],"jetpack_sharing_enabled":true,"_links":{"self":[{"href":"https:\/\/www.urbinavolant.com\/talleres\/wp-json\/wp\/v2\/pages\/5","targetHints":{"allow":["GET"]}}],"collection":[{"href":"https:\/\/www.urbinavolant.com\/talleres\/wp-json\/wp\/v2\/pages"}],"about":[{"href":"https:\/\/www.urbinavolant.com\/talleres\/wp-json\/wp\/v2\/types\/page"}],"author":[{"embeddable":true,"href":"https:\/\/www.urbinavolant.com\/talleres\/wp-json\/wp\/v2\/users\/1"}],"replies":[{"embeddable":true,"href":"https:\/\/www.urbinavolant.com\/talleres\/wp-json\/wp\/v2\/comments?post=5"}],"version-history":[{"count":53,"href":"https:\/\/www.urbinavolant.com\/talleres\/wp-json\/wp\/v2\/pages\/5\/revisions"}],"predecessor-version":[{"id":452,"href":"https:\/\/www.urbinavolant.com\/talleres\/wp-json\/wp\/v2\/pages\/5\/revisions\/452"}],"wp:attachment":[{"href":"https:\/\/www.urbinavolant.com\/talleres\/wp-json\/wp\/v2\/media?parent=5"}],"curies":[{"name":"wp","href":"https:\/\/api.w.org\/{rel}","templated":true}]}}